{"id":21,"date":"2026-03-30T12:20:29","date_gmt":"2026-03-30T10:20:29","guid":{"rendered":"https:\/\/km.akademiarac.edu.pl\/?page_id=21"},"modified":"2026-04-15T14:31:49","modified_gmt":"2026-04-15T12:31:49","slug":"stany-nagle-w-podejsciu-interdyscyplinarnym","status":"publish","type":"page","link":"https:\/\/km.akademiarac.edu.pl\/","title":{"rendered":"Stany nag\u0142e w podej\u015bciu interdyscyplinarnym"},"content":{"rendered":"<p>[et_pb_section fb_built=&#8221;1&#8243; admin_label=&#8221;Hero&#8221; module_id=&#8221;start&#8221; module_class=&#8221;km-hero&#8221; _builder_version=&#8221;4.16&#8243; global_colors_info=&#8221;{}&#8221;][et_pb_row column_structure=&#8221;2_3,1_3&#8243; _builder_version=&#8221;4.16&#8243; background_size=&#8221;initial&#8221; background_position=&#8221;top_left&#8221; background_repeat=&#8221;repeat&#8221; global_colors_info=&#8221;{}&#8221;][et_pb_column type=&#8221;2_3&#8243; _builder_version=&#8221;4.16&#8243; custom_padding=&#8221;|||&#8221; global_colors_info=&#8221;{}&#8221; custom_padding__hover=&#8221;|||&#8221;][et_pb_text admin_label=&#8221;Hero tekst&#8221; module_class=&#8221;km-section-title&#8221; _builder_version=&#8221;4.27.6&#8243; background_size=&#8221;initial&#8221; background_position=&#8221;top_left&#8221; background_repeat=&#8221;repeat&#8221; hover_enabled=&#8221;0&#8243; global_colors_info=&#8221;{}&#8221; sticky_enabled=&#8221;0&#8243;]<\/p>\n<div class=\"km-label-wrap\"><span class=\"km-label\">Konferencja naukowa Akademii Nauk Stosowanych w Raciborzu<\/span><\/div>\n<h1><span style=\"font-size: xx-large;\">Stany nag\u0142e w podej\u015bciu interdyscyplinarnym<\/span><\/h1>\n<p class=\"km-lead\">15 maja 2026 roku w Zamku Piastowskim w Raciborzu spotkaj\u0105 si\u0119 przedstawiciele \u015brodowiska medycznego, akademickiego oraz s\u0142u\u017cb wsp\u00f3\u0142pracuj\u0105cych w sytuacjach zagro\u017cenia \u017cycia i zdrowia. To wydarzenie buduje przestrze\u0144 rzeczowej wymiany do\u015bwiadcze\u0144, aktualnej wiedzy i praktycznych rozwi\u0105za\u0144 zorientowanych na bezpiecze\u0144stwo pacjenta.<\/p>\n<div class=\"km-meta-grid\">\n<div class=\"km-meta-item\"><strong>Termin<\/strong><br \/><span>15 maja 2026<\/span><\/div>\n<div class=\"km-meta-item\"><strong>Miejsce<\/strong><br \/><span>Zamek Piastowski w Raciborzu<\/span><\/div>\n<div class=\"km-meta-item\"><strong>Formu\u0142a<\/strong><br \/><span>Bezp\u0142atna konferencja naukowa<\/span><\/div>\n<div class=\"km-meta-item\"><strong>Rejestracja<\/strong><br \/><span>Zapisy przez Microsoft Forms<\/span><\/div>\n<\/div>\n<div class=\"km-actions\"><a class=\"km-btn km-btn-primary\" href=\"https:\/\/forms.cloud.microsoft\/e\/WFUMc02Egk\" target=\"_blank\" rel=\"noopener\">Zapisz si\u0119 przez Microsoft Forms<\/a><br \/><a class=\"km-btn km-btn-secondary\" href=\"#program\">Poznaj zakres tematyczny<\/a><\/div>\n<p>[\/et_pb_text][\/et_pb_column][et_pb_column type=&#8221;1_3&#8243; _builder_version=&#8221;4.16&#8243; custom_padding=&#8221;|||&#8221; global_colors_info=&#8221;{}&#8221; custom_padding__hover=&#8221;|||&#8221;][et_pb_image src=&#8221;https:\/\/km.akademiarac.edu.pl\/wp-content\/uploads\/2026\/03\/plakat-scaled.jpg&#8221; show_in_lightbox=&#8221;on&#8221; align_tablet=&#8221;center&#8221; align_phone=&#8221;center&#8221; align_last_edited=&#8221;on|desktop&#8221; admin_label=&#8221;Plakat konferencji&#8221; module_class=&#8221;km-poster-card&#8221; _builder_version=&#8221;4.16&#8243; animation_style=&#8221;slide&#8221; animation_direction=&#8221;left&#8221; animation_duration=&#8221;500ms&#8221; animation_intensity_slide=&#8221;10%&#8221; global_colors_info=&#8221;{}&#8221;][\/et_pb_image][et_pb_text admin_label=&#8221;Karta informacyjna&#8221; module_class=&#8221;km-note-card&#8221; _builder_version=&#8221;4.16&#8243; background_size=&#8221;initial&#8221; background_position=&#8221;top_left&#8221; background_repeat=&#8221;repeat&#8221; global_colors_info=&#8221;{}&#8221;]<\/p>\n<p><span class=\"km-mini-title\">Najwa\u017cniejsze informacje<\/span><\/p>\n<h3><span style=\"font-size: medium;\">Interdyscyplinarno\u015b\u0107, praktyka i aktualne wyzwania<\/span><\/h3>\n<p>W centrum programu znajd\u0105 si\u0119 stany nag\u0142e, wsp\u00f3\u0142praca mi\u0119dzy zawodami medycznymi i s\u0142u\u017cbami publicznymi oraz nowoczesne podej\u015bcie do opieki nad pacjentem w sytuacjach krytycznych.<\/p>\n<p>[\/et_pb_text][\/et_pb_column][\/et_pb_row][et_pb_row column_structure=&#8221;1_4,1_4,1_4,1_4&#8243; _builder_version=&#8221;4.27.6&#8243; _module_preset=&#8221;default&#8221; global_colors_info=&#8221;{}&#8221;][et_pb_column type=&#8221;1_4&#8243; _builder_version=&#8221;4.27.6&#8243; _module_preset=&#8221;default&#8221; global_colors_info=&#8221;{}&#8221;][et_pb_image src=&#8221;https:\/\/km.akademiarac.edu.pl\/wp-content\/uploads\/2026\/04\/logo_ans_2022-_wb-scaled.png&#8221; title_text=&#8221;logo_ans_2022 _wb&#8221; _builder_version=&#8221;4.27.6&#8243; _module_preset=&#8221;default&#8221; module_alignment=&#8221;center&#8221; global_colors_info=&#8221;{}&#8221;][\/et_pb_image][\/et_pb_column][et_pb_column type=&#8221;1_4&#8243; _builder_version=&#8221;4.27.6&#8243; _module_preset=&#8221;default&#8221; global_colors_info=&#8221;{}&#8221;][et_pb_image src=&#8221;https:\/\/km.akademiarac.edu.pl\/wp-content\/uploads\/2026\/04\/logo_powiat_haslo_3kolor-1.png&#8221; title_text=&#8221;logo_powiat_haslo_3kolor (1)&#8221; _builder_version=&#8221;4.27.6&#8243; _module_preset=&#8221;default&#8221; width=&#8221;70%&#8221; module_alignment=&#8221;center&#8221; global_colors_info=&#8221;{}&#8221;][\/et_pb_image][\/et_pb_column][et_pb_column type=&#8221;1_4&#8243; _builder_version=&#8221;4.27.6&#8243; _module_preset=&#8221;default&#8221; global_colors_info=&#8221;{}&#8221;][et_pb_image src=&#8221;https:\/\/km.akademiarac.edu.pl\/wp-content\/uploads\/2026\/04\/headerimg2.png&#8221; title_text=&#8221;headerimg2&#8243; _builder_version=&#8221;4.27.6&#8243; _module_preset=&#8221;default&#8221; global_colors_info=&#8221;{}&#8221;][\/et_pb_image][\/et_pb_column][et_pb_column type=&#8221;1_4&#8243; _builder_version=&#8221;4.27.6&#8243; _module_preset=&#8221;default&#8221; global_colors_info=&#8221;{}&#8221;][et_pb_image src=&#8221;https:\/\/km.akademiarac.edu.pl\/wp-content\/uploads\/2026\/04\/logo_PTP_stare_nieb.png&#8221; title_text=&#8221;logo_PTP_stare_nieb&#8221; align=&#8221;center&#8221; _builder_version=&#8221;4.27.6&#8243; _module_preset=&#8221;default&#8221; width=&#8221;48%&#8221; global_colors_info=&#8221;{}&#8221;][\/et_pb_image][\/et_pb_column][\/et_pb_row][et_pb_row column_structure=&#8221;1_4,1_4,1_4,1_4&#8243; _builder_version=&#8221;4.27.6&#8243; _module_preset=&#8221;default&#8221; global_colors_info=&#8221;{}&#8221;][et_pb_column type=&#8221;1_4&#8243; _builder_version=&#8221;4.27.6&#8243; _module_preset=&#8221;default&#8221; global_colors_info=&#8221;{}&#8221;][et_pb_image src=&#8221;https:\/\/km.akademiarac.edu.pl\/wp-content\/uploads\/2026\/04\/LOGO-PODSTAWOWE-BIALE-alt-kopia.png&#8221; title_text=&#8221;LOGO PODSTAWOWE BIA\u0141E alt kopia&#8221; _builder_version=&#8221;4.27.6&#8243; _module_preset=&#8221;default&#8221; global_colors_info=&#8221;{}&#8221;][\/et_pb_image][\/et_pb_column][et_pb_column type=&#8221;1_4&#8243; _builder_version=&#8221;4.27.6&#8243; _module_preset=&#8221;default&#8221; global_colors_info=&#8221;{}&#8221;][et_pb_image src=&#8221;https:\/\/km.akademiarac.edu.pl\/wp-content\/uploads\/2026\/04\/obrys-pdf.png&#8221; title_text=&#8221;obrys pdf&#8221; _builder_version=&#8221;4.27.6&#8243; _module_preset=&#8221;default&#8221; global_colors_info=&#8221;{}&#8221;][\/et_pb_image][\/et_pb_column][et_pb_column type=&#8221;1_4&#8243; _builder_version=&#8221;4.27.6&#8243; _module_preset=&#8221;default&#8221; global_colors_info=&#8221;{}&#8221;][et_pb_image src=&#8221;https:\/\/km.akademiarac.edu.pl\/wp-content\/uploads\/2026\/04\/Mono-logo-white-kopiasm.png&#8221; title_text=&#8221;Mono-logo-white kopiasm&#8221; align=&#8221;center&#8221; _builder_version=&#8221;4.27.6&#8243; _module_preset=&#8221;default&#8221; width=&#8221;51%&#8221; global_colors_info=&#8221;{}&#8221;][\/et_pb_image][\/et_pb_column][et_pb_column type=&#8221;1_4&#8243; _builder_version=&#8221;4.27.6&#8243; _module_preset=&#8221;default&#8221; global_colors_info=&#8221;{}&#8221;][et_pb_image src=&#8221;https:\/\/km.akademiarac.edu.pl\/wp-content\/uploads\/2026\/04\/transparent-Photoroom1.png&#8221; title_text=&#8221;transparent-Photoroom1&#8243; _builder_version=&#8221;4.27.6&#8243; _module_preset=&#8221;default&#8221; global_colors_info=&#8221;{}&#8221;][\/et_pb_image][\/et_pb_column][\/et_pb_row][\/et_pb_section][et_pb_section fb_built=&#8221;1&#8243; admin_label=&#8221;Statystyki&#8221; module_class=&#8221;km-surface-dark&#8221; _builder_version=&#8221;4.16&#8243; global_colors_info=&#8221;{}&#8221;][et_pb_row column_structure=&#8221;1_4,1_4,1_4,1_4&#8243; _builder_version=&#8221;4.16&#8243; background_size=&#8221;initial&#8221; background_position=&#8221;top_left&#8221; background_repeat=&#8221;repeat&#8221; global_colors_info=&#8221;{}&#8221;][et_pb_column type=&#8221;1_4&#8243; _builder_version=&#8221;4.16&#8243; custom_padding=&#8221;|||&#8221; global_colors_info=&#8221;{}&#8221; custom_padding__hover=&#8221;|||&#8221;][et_pb_text admin_label=&#8221;Stat 1&#8243; module_class=&#8221;km-stat-card&#8221; _builder_version=&#8221;4.16&#8243; background_size=&#8221;initial&#8221; background_position=&#8221;top_left&#8221; background_repeat=&#8221;repeat&#8221; global_colors_info=&#8221;{}&#8221;]\t\t\t\t<strong>Organizator<\/strong><br \/>\n\t\t\t\t<span>ANS w Raciborzu<\/span><br \/>\n\t\t\t\t<small>Konferencja tworzona z inicjatywy \u015brodowiska akademickiego i medycznego.<\/small>[\/et_pb_text][\/et_pb_column][et_pb_column type=&#8221;1_4&#8243; _builder_version=&#8221;4.16&#8243; custom_padding=&#8221;|||&#8221; global_colors_info=&#8221;{}&#8221; custom_padding__hover=&#8221;|||&#8221;][et_pb_text admin_label=&#8221;Stat 2&#8243; module_class=&#8221;km-stat-card&#8221; _builder_version=&#8221;4.16&#8243; background_size=&#8221;initial&#8221; background_position=&#8221;top_left&#8221; background_repeat=&#8221;repeat&#8221; global_colors_info=&#8221;{}&#8221;]\t\t\t\t<strong>Adresaci<\/strong><br \/>\n\t\t\t\t<span>Kadry i studenci<\/span><br \/>\n\t\t\t\t<small>Piel\u0119gniarki, ratownicy medyczni, lekarze oraz studenci kierunk\u00f3w medycznych.<\/small>[\/et_pb_text][\/et_pb_column][et_pb_column type=&#8221;1_4&#8243; _builder_version=&#8221;4.16&#8243; custom_padding=&#8221;|||&#8221; global_colors_info=&#8221;{}&#8221; custom_padding__hover=&#8221;|||&#8221;][et_pb_text admin_label=&#8221;Stat 3&#8243; module_class=&#8221;km-stat-card&#8221; _builder_version=&#8221;4.16&#8243; background_size=&#8221;initial&#8221; background_position=&#8221;top_left&#8221; background_repeat=&#8221;repeat&#8221; global_colors_info=&#8221;{}&#8221;]\t\t\t\t<strong>Wsp\u00f3\u0142praca<\/strong><br \/>\n\t\t\t\t<span>S\u0142u\u017cby i samorz\u0105d<\/span><br \/>\n\t\t\t\t<small>Wydarzenie integruje praktyk\u0119 kliniczn\u0105, nauk\u0119 i instytucje odpowiedzialne za bezpiecze\u0144stwo.<\/small>[\/et_pb_text][\/et_pb_column][et_pb_column type=&#8221;1_4&#8243; _builder_version=&#8221;4.16&#8243; custom_padding=&#8221;|||&#8221; global_colors_info=&#8221;{}&#8221; custom_padding__hover=&#8221;|||&#8221;][et_pb_text admin_label=&#8221;Stat 4&#8243; module_class=&#8221;km-stat-card&#8221; _builder_version=&#8221;4.16&#8243; background_size=&#8221;initial&#8221; background_position=&#8221;top_left&#8221; background_repeat=&#8221;repeat&#8221; global_colors_info=&#8221;{}&#8221;]\t\t\t\t<strong>Warto\u015b\u0107<\/strong><br \/>\n\t\t\t\t<span>Wiedza gotowa do wdro\u017cenia<\/span><br \/>\n\t\t\t\t<small>Program akcentuje decyzje, komunikacj\u0119 i opiek\u0119 nad pacjentem w realnych stanach nag\u0142ych.<\/small>[\/et_pb_text][\/et_pb_column][\/et_pb_row][\/et_pb_section][et_pb_section fb_built=&#8221;1&#8243; admin_label=&#8221;O konferencji&#8221; module_id=&#8221;o-konferencji&#8221; module_class=&#8221;km-surface-soft&#8221; _builder_version=&#8221;4.16&#8243; global_colors_info=&#8221;{}&#8221;][et_pb_row column_structure=&#8221;1_2,1_2&#8243; _builder_version=&#8221;4.16&#8243; background_size=&#8221;initial&#8221; background_position=&#8221;top_left&#8221; background_repeat=&#8221;repeat&#8221; global_colors_info=&#8221;{}&#8221;][et_pb_column type=&#8221;1_2&#8243; _builder_version=&#8221;4.16&#8243; custom_padding=&#8221;|||&#8221; global_colors_info=&#8221;{}&#8221; custom_padding__hover=&#8221;|||&#8221;][et_pb_image src=&#8221;https:\/\/km.akademiarac.edu.pl\/wp-content\/uploads\/2026\/03\/km-about-photo.jpg&#8221; align_tablet=&#8221;center&#8221; align_phone=&#8221;center&#8221; align_last_edited=&#8221;on|desktop&#8221; admin_label=&#8221;Zdj\u0119cie medyczne&#8221; module_class=&#8221;km-photo-card&#8221; _builder_version=&#8221;4.16&#8243; animation_style=&#8221;slide&#8221; animation_direction=&#8221;left&#8221; animation_duration=&#8221;500ms&#8221; animation_intensity_slide=&#8221;10%&#8221; global_colors_info=&#8221;{}&#8221;][\/et_pb_image][\/et_pb_column][et_pb_column type=&#8221;1_2&#8243; _builder_version=&#8221;4.16&#8243; custom_padding=&#8221;|||&#8221; global_colors_info=&#8221;{}&#8221; custom_padding__hover=&#8221;|||&#8221;][et_pb_text admin_label=&#8221;Opis konferencji&#8221; module_class=&#8221;km-copy-card&#8221; _builder_version=&#8221;4.16&#8243; background_size=&#8221;initial&#8221; background_position=&#8221;top_left&#8221; background_repeat=&#8221;repeat&#8221; global_colors_info=&#8221;{}&#8221;]<\/p>\n<p><span class=\"km-mini-title\">O wydarzeniu<\/span><\/p>\n<h3>Konferencja, kt\u00f3ra \u0142\u0105czy \u015brodowiska wok\u00f3\u0142 bezpiecze\u0144stwa pacjenta<\/h3>\n<p>Konferencja \u201eStany nag\u0142e w podej\u015bciu interdyscyplinarnym\u201d zosta\u0142a pomy\u015blana jako forum spotkania specjalist\u00f3w, praktyk\u00f3w i przysz\u0142ych kadr medycznych. Jej celem jest wzmocnienie dialogu pomi\u0119dzy zawodami medycznymi oraz s\u0142u\u017cbami wsp\u00f3\u0142pracuj\u0105cymi w sytuacjach zagro\u017cenia \u017cycia i zdrowia.<\/p>\n<p>Program wydarzenia obejmie aktualne zagadnienia zwi\u0105zane z rozpoznawaniem stan\u00f3w nag\u0142ych, organizacj\u0105 wsp\u00f3\u0142pracy interdyscyplinarnej oraz nowoczesnym podej\u015bciem do opieki nad pacjentem w sytuacjach krytycznych. Wa\u017cnym wymiarem spotkania b\u0119dzie wymiana do\u015bwiadcze\u0144 mi\u0119dzy teori\u0105 a praktyk\u0105 kliniczn\u0105 i operacyjn\u0105.<\/p>\n<ul class=\"km-list\">\n<li>udzia\u0142 w konferencji jest bezp\u0142atny,<\/li>\n<li>program buduje most mi\u0119dzy nauk\u0105 a codzienn\u0105 praktyk\u0105,<\/li>\n<li>wydarzenie wzmacnia kultur\u0119 wsp\u00f3\u0142pracy w stanach nag\u0142ych,<\/li>\n<li>centrum wszystkich dyskusji stanowi bezpiecze\u0144stwo pacjenta.<\/li>\n<\/ul>\n<p>[\/et_pb_text][\/et_pb_column][\/et_pb_row][\/et_pb_section][et_pb_section fb_built=&#8221;1&#8243; admin_label=&#8221;Dla kogo&#8221; module_id=&#8221;dla-kogo&#8221; module_class=&#8221;km-surface-light&#8221; _builder_version=&#8221;4.16&#8243; global_colors_info=&#8221;{}&#8221;][et_pb_row _builder_version=&#8221;4.16&#8243; background_size=&#8221;initial&#8221; background_position=&#8221;top_left&#8221; background_repeat=&#8221;repeat&#8221; global_colors_info=&#8221;{}&#8221;][et_pb_column type=&#8221;4_4&#8243; _builder_version=&#8221;4.16&#8243; custom_padding=&#8221;|||&#8221; global_colors_info=&#8221;{}&#8221; custom_padding__hover=&#8221;|||&#8221;][et_pb_text admin_label=&#8221;Tytu\u0142 dla kogo&#8221; module_class=&#8221;km-section-title&#8221; _builder_version=&#8221;4.16&#8243; background_size=&#8221;initial&#8221; background_position=&#8221;top_left&#8221; background_repeat=&#8221;repeat&#8221; global_colors_info=&#8221;{}&#8221;]\t\t\t\t<\/p>\n<div class=\"km-label-wrap\"><span class=\"km-label\">Dla kogo?<\/span><\/div>\n<h2>Wydarzenie skierowane do \u015brodowisk, kt\u00f3re wsp\u00f3\u0142tworz\u0105 skuteczn\u0105 odpowied\u017a na stan nag\u0142y<\/h2>\n<p>Konferencja zosta\u0142a zaprojektowana tak, aby \u0142\u0105czy\u0107 r\u00f3\u017cne perspektywy zawodowe i edukacyjne. Ka\u017cda z nich wnosi do dyskusji unikalne do\u015bwiadczenie, a razem tworz\u0105 nowoczesny model opieki i reagowania.<\/p>\n<p>[\/et_pb_text][\/et_pb_column][\/et_pb_row][et_pb_row column_structure=&#8221;1_4,1_4,1_4,1_4&#8243; _builder_version=&#8221;4.16&#8243; background_size=&#8221;initial&#8221; background_position=&#8221;top_left&#8221; background_repeat=&#8221;repeat&#8221; global_colors_info=&#8221;{}&#8221;][et_pb_column type=&#8221;1_4&#8243; _builder_version=&#8221;4.16&#8243; custom_padding=&#8221;|||&#8221; global_colors_info=&#8221;{}&#8221; custom_padding__hover=&#8221;|||&#8221;][et_pb_text admin_label=&#8221;Grupa 1&#8243; module_class=&#8221;km-card&#8221; _builder_version=&#8221;4.16&#8243; background_size=&#8221;initial&#8221; background_position=&#8221;top_left&#8221; background_repeat=&#8221;repeat&#8221; global_colors_info=&#8221;{}&#8221;]<\/p>\n<p><span class=\"km-number\">01<\/span><\/p>\n<h3><span style=\"font-size: large;\">Kadry medyczne<\/span><\/h3>\n<p>Piel\u0119gniarki, ratownicy medyczni i lekarze zainteresowani wsp\u00f3\u0142prac\u0105, organizacj\u0105 dzia\u0142a\u0144 oraz aktualnymi standardami post\u0119powania.<\/p>\n<p>[\/et_pb_text][\/et_pb_column][et_pb_column type=&#8221;1_4&#8243; _builder_version=&#8221;4.16&#8243; custom_padding=&#8221;|||&#8221; global_colors_info=&#8221;{}&#8221; custom_padding__hover=&#8221;|||&#8221;][et_pb_text admin_label=&#8221;Grupa 2&#8243; module_class=&#8221;km-card&#8221; _builder_version=&#8221;4.16&#8243; background_size=&#8221;initial&#8221; background_position=&#8221;top_left&#8221; background_repeat=&#8221;repeat&#8221; global_colors_info=&#8221;{}&#8221;]<\/p>\n<p><span class=\"km-number\">02<\/span><\/p>\n<h3><span style=\"font-size: large;\">Studenci kierunk\u00f3w medycznych<\/span><\/h3>\n<p>Osoby przygotowuj\u0105ce si\u0119 do pracy w ochronie zdrowia, kt\u00f3re chc\u0105 lepiej rozumie\u0107 praktyczny wymiar wsp\u00f3\u0142pracy interdyscyplinarnej.<\/p>\n<p>[\/et_pb_text][\/et_pb_column][et_pb_column type=&#8221;1_4&#8243; _builder_version=&#8221;4.16&#8243; custom_padding=&#8221;|||&#8221; global_colors_info=&#8221;{}&#8221; custom_padding__hover=&#8221;|||&#8221;][et_pb_text admin_label=&#8221;Grupa 3&#8243; module_class=&#8221;km-card&#8221; _builder_version=&#8221;4.16&#8243; background_size=&#8221;initial&#8221; background_position=&#8221;top_left&#8221; background_repeat=&#8221;repeat&#8221; global_colors_info=&#8221;{}&#8221;]<\/p>\n<p><span class=\"km-number\">03<\/span><\/p>\n<h3><span style=\"font-size: large;\">S\u0142u\u017cby mundurowe<\/span><\/h3>\n<p>Przedstawiciele policji, stra\u017cy po\u017carnej oraz innych s\u0142u\u017cb uczestnicz\u0105cych w zabezpieczaniu zdarze\u0144 i wspieraniu systemu bezpiecze\u0144stwa zdrowotnego.<\/p>\n<p>[\/et_pb_text][\/et_pb_column][et_pb_column type=&#8221;1_4&#8243; _builder_version=&#8221;4.16&#8243; custom_padding=&#8221;|||&#8221; global_colors_info=&#8221;{}&#8221; custom_padding__hover=&#8221;|||&#8221;][et_pb_text admin_label=&#8221;Grupa 4&#8243; module_class=&#8221;km-card&#8221; _builder_version=&#8221;4.16&#8243; background_size=&#8221;initial&#8221; background_position=&#8221;top_left&#8221; background_repeat=&#8221;repeat&#8221; global_colors_info=&#8221;{}&#8221;]<\/p>\n<p><span class=\"km-number\">04<\/span><\/p>\n<h3><span style=\"font-size: medium;\">Osoby zainteresowane tematyk\u0105<\/span><\/h3>\n<p>Uczestnicy chc\u0105cy rozwija\u0107 wiedz\u0119 z zakresu stan\u00f3w nag\u0142ych, komunikacji kryzysowej oraz jako\u015bci opieki nad pacjentem.<\/p>\n<p>[\/et_pb_text][\/et_pb_column][\/et_pb_row][\/et_pb_section][et_pb_section fb_built=&#8221;1&#8243; admin_label=&#8221;Zakres tematyczny&#8221; module_id=&#8221;program&#8221; module_class=&#8221;km-surface-soft&#8221; _builder_version=&#8221;4.16&#8243; global_colors_info=&#8221;{}&#8221;][et_pb_row _builder_version=&#8221;4.16&#8243; background_size=&#8221;initial&#8221; background_position=&#8221;top_left&#8221; background_repeat=&#8221;repeat&#8221; global_colors_info=&#8221;{}&#8221;][et_pb_column type=&#8221;4_4&#8243; _builder_version=&#8221;4.16&#8243; custom_padding=&#8221;|||&#8221; global_colors_info=&#8221;{}&#8221; custom_padding__hover=&#8221;|||&#8221;][et_pb_text admin_label=&#8221;Tytu\u0142 programu&#8221; module_class=&#8221;km-section-title&#8221; _builder_version=&#8221;4.16&#8243; background_size=&#8221;initial&#8221; background_position=&#8221;top_left&#8221; background_repeat=&#8221;repeat&#8221; global_colors_info=&#8221;{}&#8221;]\t\t\t\t<\/p>\n<div class=\"km-label-wrap\"><span class=\"km-label\">Zakres tematyczny<\/span><\/div>\n<h2>Program skoncentrowany na praktyce dzia\u0142ania, odpowiedzialno\u015bci zespo\u0142owej i nowoczesnym podej\u015bciu do opieki<\/h2>\n<p>W programie znajd\u0105 si\u0119 wyst\u0105pienia eksperckie i zagadnienia, kt\u00f3re pomagaj\u0105 lepiej rozumie\u0107 stany nag\u0142e zar\u00f3wno z perspektywy klinicznej, jak i organizacyjnej.<\/p>\n<p>[\/et_pb_text][\/et_pb_column][\/et_pb_row][et_pb_row column_structure=&#8221;1_2,1_2&#8243; _builder_version=&#8221;4.16&#8243; background_size=&#8221;initial&#8221; background_position=&#8221;top_left&#8221; background_repeat=&#8221;repeat&#8221; global_colors_info=&#8221;{}&#8221;][et_pb_column type=&#8221;1_2&#8243; _builder_version=&#8221;4.16&#8243; custom_padding=&#8221;|||&#8221; global_colors_info=&#8221;{}&#8221; custom_padding__hover=&#8221;|||&#8221;][et_pb_text admin_label=&#8221;Temat 1&#8243; module_class=&#8221;km-card&#8221; _builder_version=&#8221;4.16&#8243; background_size=&#8221;initial&#8221; background_position=&#8221;top_left&#8221; background_repeat=&#8221;repeat&#8221; global_colors_info=&#8221;{}&#8221;]\t\t\t\t<span class=\"km-mini-title\">Blok 1<\/span><\/p>\n<h3>Wczesna identyfikacja i pierwsza reakcja<\/h3>\n<p>Rozpoznawanie zagro\u017ce\u0144, priorytetyzacja dzia\u0142a\u0144 oraz szybkie wdra\u017canie procedur maj\u0105cych kluczowe znaczenie dla bezpiecze\u0144stwa chorego.<\/p>\n<p>[\/et_pb_text][\/et_pb_column][et_pb_column type=&#8221;1_2&#8243; _builder_version=&#8221;4.16&#8243; custom_padding=&#8221;|||&#8221; global_colors_info=&#8221;{}&#8221; custom_padding__hover=&#8221;|||&#8221;][et_pb_text admin_label=&#8221;Temat 2&#8243; module_class=&#8221;km-card&#8221; _builder_version=&#8221;4.16&#8243; background_size=&#8221;initial&#8221; background_position=&#8221;top_left&#8221; background_repeat=&#8221;repeat&#8221; global_colors_info=&#8221;{}&#8221;]\t\t\t\t<span class=\"km-mini-title\">Blok 2<\/span><\/p>\n<h3>Wsp\u00f3\u0142praca interdyscyplinarna w praktyce<\/h3>\n<p>Koordynacja pracy zespo\u0142\u00f3w, sprawna komunikacja i podzia\u0142 odpowiedzialno\u015bci mi\u0119dzy zawodami medycznymi oraz s\u0142u\u017cbami wspieraj\u0105cymi.<\/p>\n<p>[\/et_pb_text][\/et_pb_column][\/et_pb_row][et_pb_row column_structure=&#8221;1_2,1_2&#8243; _builder_version=&#8221;4.16&#8243; background_size=&#8221;initial&#8221; background_position=&#8221;top_left&#8221; background_repeat=&#8221;repeat&#8221; global_colors_info=&#8221;{}&#8221;][et_pb_column type=&#8221;1_2&#8243; _builder_version=&#8221;4.16&#8243; custom_padding=&#8221;|||&#8221; global_colors_info=&#8221;{}&#8221; custom_padding__hover=&#8221;|||&#8221;][et_pb_text admin_label=&#8221;Temat 3&#8243; module_class=&#8221;km-card&#8221; _builder_version=&#8221;4.16&#8243; background_size=&#8221;initial&#8221; background_position=&#8221;top_left&#8221; background_repeat=&#8221;repeat&#8221; global_colors_info=&#8221;{}&#8221;]\t\t\t\t<span class=\"km-mini-title\">Blok 3<\/span><\/p>\n<h3>Pacjent w centrum decyzji<\/h3>\n<p>Nowoczesna opieka w sytuacjach krytycznych wymaga jednoczesnej troski o skuteczno\u015b\u0107 medyczn\u0105, jako\u015b\u0107 komunikacji i bezpiecze\u0144stwo procesu leczenia.<\/p>\n<p>[\/et_pb_text][\/et_pb_column][et_pb_column type=&#8221;1_2&#8243; _builder_version=&#8221;4.16&#8243; custom_padding=&#8221;|||&#8221; global_colors_info=&#8221;{}&#8221; custom_padding__hover=&#8221;|||&#8221;][et_pb_text admin_label=&#8221;Temat 4&#8243; module_class=&#8221;km-card&#8221; _builder_version=&#8221;4.16&#8243; background_size=&#8221;initial&#8221; background_position=&#8221;top_left&#8221; background_repeat=&#8221;repeat&#8221; global_colors_info=&#8221;{}&#8221;]\t\t\t\t<span class=\"km-mini-title\">Blok 4<\/span><\/p>\n<h3>Aktualne wyzwania, dobre praktyki i do\u015bwiadczenie kliniczne<\/h3>\n<p>Om\u00f3wione zostan\u0105 rozwi\u0105zania wspieraj\u0105ce gotowo\u015b\u0107 zespo\u0142\u00f3w do dzia\u0142ania, doskonalenie procedur i wdra\u017canie praktycznych standard\u00f3w.<\/p>\n<p>[\/et_pb_text][\/et_pb_column][\/et_pb_row][\/et_pb_section][et_pb_section fb_built=&#8221;1&#8243; admin_label=&#8221;Prelegenci&#8221; module_id=&#8221;prelegenci&#8221; module_class=&#8221;km-surface-light&#8221; _builder_version=&#8221;4.16&#8243; global_colors_info=&#8221;{}&#8221;][et_pb_row column_structure=&#8221;1_2,1_2&#8243; _builder_version=&#8221;4.16&#8243; background_size=&#8221;initial&#8221; background_position=&#8221;top_left&#8221; background_repeat=&#8221;repeat&#8221; global_colors_info=&#8221;{}&#8221;][et_pb_column type=&#8221;1_2&#8243; _builder_version=&#8221;4.16&#8243; custom_padding=&#8221;|||&#8221; global_colors_info=&#8221;{}&#8221; custom_padding__hover=&#8221;|||&#8221;][et_pb_text admin_label=&#8221;Prelegenci tekst&#8221; module_class=&#8221;km-copy-card&#8221; _builder_version=&#8221;4.16&#8243; background_size=&#8221;initial&#8221; background_position=&#8221;top_left&#8221; background_repeat=&#8221;repeat&#8221; global_colors_info=&#8221;{}&#8221;]\t\t\t\t<span class=\"km-mini-title\">Prelegenci i eksperci<\/span><\/p>\n<h3>Zaproszeni go\u015bcie nauki i praktyki medycznej<\/h3>\n<p>W\u015br\u00f3d zaproszonych prelegent\u00f3w znajduj\u0105 si\u0119 uznani przedstawiciele \u015brodowiska naukowego i medycznego, kt\u00f3rych g\u0142os wniesie do programu zar\u00f3wno wymiar akademicki, jak i praktyczny.<\/p>\n<ul class=\"km-list\">\n<li>prof. dr hab. n. med. Janina Jo\u015bko-Ochojska,<\/li>\n<li>dr hab. n. med. Wowra,<\/li>\n<li>kolejni eksperci reprezentuj\u0105cy praktyk\u0119 kliniczn\u0105 i wsp\u00f3\u0142prac\u0119 mi\u0119dzysektorow\u0105.<\/li>\n<\/ul>\n<p>Panel wyst\u0105pie\u0144 podkre\u015bli znaczenie interdyscyplinarno\u015bci, odpowiedzialnego przyw\u00f3dztwa zespo\u0142owego oraz aktualnych rozwi\u0105za\u0144 wspieraj\u0105cych opiek\u0119 nad pacjentem w sytuacjach krytycznych.<\/p>\n<div class=\"km-inline-links\">\n\t\t\t\t\t<span class=\"km-chip\">Wiedza ekspercka<\/span><br \/>\n\t\t\t\t\t<span class=\"km-chip\">Do\u015bwiadczenie kliniczne<\/span><br \/>\n\t\t\t\t\t<span class=\"km-chip\">Perspektywa interdyscyplinarna<\/span>\n\t\t\t\t<\/div>\n<p>[\/et_pb_text][\/et_pb_column][et_pb_column type=&#8221;1_2&#8243; _builder_version=&#8221;4.16&#8243; custom_padding=&#8221;|||&#8221; global_colors_info=&#8221;{}&#8221; custom_padding__hover=&#8221;|||&#8221;][et_pb_image src=&#8221;https:\/\/km.akademiarac.edu.pl\/wp-content\/uploads\/2026\/03\/km-speaker-photo.jpg&#8221; align_tablet=&#8221;center&#8221; align_phone=&#8221;center&#8221; align_last_edited=&#8221;on|desktop&#8221; admin_label=&#8221;Zdj\u0119cie prelegenci&#8221; module_class=&#8221;km-photo-card&#8221; _builder_version=&#8221;4.27.6&#8243; animation_style=&#8221;slide&#8221; animation_direction=&#8221;left&#8221; animation_duration=&#8221;500ms&#8221; animation_intensity_slide=&#8221;10%&#8221; global_colors_info=&#8221;{}&#8221;][\/et_pb_image][\/et_pb_column][\/et_pb_row][\/et_pb_section][et_pb_section fb_built=&#8221;1&#8243; admin_label=&#8221;Rejestracja&#8221; module_id=&#8221;rejestracja&#8221; module_class=&#8221;km-surface-cta&#8221; _builder_version=&#8221;4.16&#8243; global_colors_info=&#8221;{}&#8221;][et_pb_row _builder_version=&#8221;4.16&#8243; background_size=&#8221;initial&#8221; background_position=&#8221;top_left&#8221; background_repeat=&#8221;repeat&#8221; global_colors_info=&#8221;{}&#8221;][et_pb_column type=&#8221;4_4&#8243; _builder_version=&#8221;4.16&#8243; custom_padding=&#8221;|||&#8221; global_colors_info=&#8221;{}&#8221; custom_padding__hover=&#8221;|||&#8221;][et_pb_text admin_label=&#8221;CTA rejestracja&#8221; module_class=&#8221;km-cta-copy&#8221; _builder_version=&#8221;4.27.6&#8243; background_size=&#8221;initial&#8221; background_position=&#8221;top_left&#8221; background_repeat=&#8221;repeat&#8221; hover_enabled=&#8221;0&#8243; global_colors_info=&#8221;{}&#8221; sticky_enabled=&#8221;0&#8243;]<\/p>\n<div class=\"km-label-wrap\"><span class=\"km-label\">Rejestracja uczestnik\u00f3w<\/span><\/div>\n<h2><span style=\"font-size: x-large;\">Zapisz si\u0119 na konferencj\u0119 i zarezerwuj udzia\u0142 w wydarzeniu<\/span><\/h2>\n<p>Udzia\u0142 w konferencji jest bezp\u0142atny. Rejestracja prowadzona b\u0119dzie przez formularz Microsoft Forms.<\/p>\n<div class=\"km-actions\"><a class=\"km-btn km-btn-primary\" href=\"https:\/\/forms.cloud.microsoft\/e\/WFUMc02Egk\" target=\"_blank\" rel=\"noopener\">Przejd\u017a do formularza rejestracyjnego<\/a><br \/><a class=\"km-btn km-btn-secondary\" href=\"#patroni\">Zobacz patron\u00f3w i partner\u00f3w<\/a><\/div>\n<p>[\/et_pb_text][\/et_pb_column][\/et_pb_row][\/et_pb_section][et_pb_section fb_built=&#8221;1&#8243; admin_label=&#8221;Patroni i sponsorzy&#8221; module_id=&#8221;patroni&#8221; module_class=&#8221;km-surface-light&#8221; _builder_version=&#8221;4.16&#8243; global_colors_info=&#8221;{}&#8221;][et_pb_row _builder_version=&#8221;4.16&#8243; background_size=&#8221;initial&#8221; background_position=&#8221;top_left&#8221; background_repeat=&#8221;repeat&#8221; global_colors_info=&#8221;{}&#8221;][et_pb_column type=&#8221;4_4&#8243; _builder_version=&#8221;4.16&#8243; custom_padding=&#8221;|||&#8221; global_colors_info=&#8221;{}&#8221; custom_padding__hover=&#8221;|||&#8221;][et_pb_text admin_label=&#8221;Lista partner\u00f3w&#8221; module_class=&#8221;km-copy-card&#8221; _builder_version=&#8221;4.16&#8243; background_size=&#8221;initial&#8221; background_position=&#8221;top_left&#8221; background_repeat=&#8221;repeat&#8221; global_colors_info=&#8221;{}&#8221;]\t\t\t\t<span class=\"km-mini-title\">Wsp\u00f3\u0142praca i patronaty<\/span><\/p>\n<h3>Silne zaplecze instytucjonalne wydarzenia<\/h3>\n<p>Konferencja realizowana jest we wsp\u00f3\u0142pracy z partnerami samorz\u0105dowymi i \u015brodowiskowymi, a jej rang\u0119 podkre\u015bla patronat instytucji wspieraj\u0105cych rozw\u00f3j profesjonalnej opieki i bezpiecze\u0144stwa publicznego.<\/p>\n<ul class=\"km-list\">\n<li>Starostwo Powiatowe w Raciborzu,<\/li>\n<li>Polskie Towarzystwo Piel\u0119gniarskie,<\/li>\n<li>Okr\u0119gowa Izba Piel\u0119gniarek i Po\u0142o\u017cnych,<\/li>\n<li>Starostwo Powiatowe w Wodzis\u0142awiu \u015al\u0105skim,<\/li>\n<li>Komenda Powiatowa Policji w Raciborzu,<\/li>\n<li>Pa\u0144stwowa Stra\u017c Po\u017carna.<\/li>\n<\/ul>\n<p>[\/et_pb_text][\/et_pb_column][\/et_pb_row][\/et_pb_section][et_pb_section fb_built=&#8221;1&#8243; admin_label=&#8221;Informacje praktyczne&#8221; module_class=&#8221;km-surface-soft&#8221; _builder_version=&#8221;4.16&#8243; global_colors_info=&#8221;{}&#8221;][et_pb_row column_structure=&#8221;1_2,1_2&#8243; _builder_version=&#8221;4.16&#8243; background_size=&#8221;initial&#8221; background_position=&#8221;top_left&#8221; background_repeat=&#8221;repeat&#8221; global_colors_info=&#8221;{}&#8221;][et_pb_column type=&#8221;1_2&#8243; _builder_version=&#8221;4.16&#8243; custom_padding=&#8221;|||&#8221; global_colors_info=&#8221;{}&#8221; custom_padding__hover=&#8221;|||&#8221;][et_pb_text admin_label=&#8221;Miejsce&#8221; module_class=&#8221;km-copy-card&#8221; _builder_version=&#8221;4.16&#8243; background_size=&#8221;initial&#8221; background_position=&#8221;top_left&#8221; background_repeat=&#8221;repeat&#8221; global_colors_info=&#8221;{}&#8221;]\t\t\t\t<span class=\"km-mini-title\">Informacje praktyczne<\/span><\/p>\n<h3>Zamek Piastowski w Raciborzu jako przestrze\u0144 spotkania nauki i praktyki<\/h3>\n<p>Wyj\u0105tkowa lokalizacja podkre\u015bla rang\u0119 wydarzenia i tworzy odpowiednie warunki do rozmowy o odpowiedzialno\u015bci, gotowo\u015bci do dzia\u0142ania oraz jako\u015bci opieki nad pacjentem w sytuacjach nag\u0142ych.<\/p>\n<ul class=\"km-list\">\n<li>data wydarzenia: 15 maja 2026 roku,<\/li>\n<li>miejsce: Zamek Piastowski w Raciborzu,<\/li>\n<li>udzia\u0142: bezp\u0142atny po rejestracji,<\/li>\n<li>organizator: Akademia Nauk Stosowanych w Raciborzu.<\/li>\n<\/ul>\n<p>[\/et_pb_text][\/et_pb_column][et_pb_column type=&#8221;1_2&#8243; _builder_version=&#8221;4.16&#8243; custom_padding=&#8221;|||&#8221; global_colors_info=&#8221;{}&#8221; custom_padding__hover=&#8221;|||&#8221;][et_pb_text admin_label=&#8221;Podsumowanie&#8221; module_class=&#8221;km-copy-card&#8221; _builder_version=&#8221;4.27.6&#8243; background_size=&#8221;initial&#8221; background_position=&#8221;top_left&#8221; background_repeat=&#8221;repeat&#8221; hover_enabled=&#8221;0&#8243; global_colors_info=&#8221;{}&#8221; sticky_enabled=&#8221;0&#8243;]<\/p>\n<p><span class=\"km-mini-title\">Dlaczego warto wzi\u0105\u0107 udzia\u0142<\/span><\/p>\n<h3>Wydarzenie buduj\u0105ce kompetencje, relacje i wsp\u00f3lny j\u0119zyk dzia\u0142ania<\/h3>\n<p>Konferencja wzmacnia wsp\u00f3\u0142prac\u0119 mi\u0119dzy \u015brodowiskami, kt\u00f3re na co dzie\u0144 odpowiadaj\u0105 za zdrowie i bezpiecze\u0144stwo mieszka\u0144c\u00f3w. To przestrze\u0144 inspiracji, wymiany do\u015bwiadcze\u0144 i profesjonalnej dyskusji wok\u00f3\u0142 wyzwa\u0144 wsp\u00f3\u0142czesnej opieki medycznej.<\/p>\n<div class=\"km-actions\"><a class=\"km-btn km-btn-primary\" href=\"https:\/\/forms.cloud.microsoft\/e\/WFUMc02Egk\" target=\"_blank\" rel=\"noopener\">Rejestracja<\/a><br \/><a class=\"km-btn km-btn-secondary\" href=\"#start\">Powr\u00f3t na g\u00f3r\u0119<\/a><\/div>\n<p>[\/et_pb_text][\/et_pb_column][\/et_pb_row][et_pb_row column_structure=&#8221;1_6,1_6,1_6,1_6,1_6,1_6&#8243; _builder_version=&#8221;4.27.6&#8243; _module_preset=&#8221;default&#8221; global_colors_info=&#8221;{}&#8221;][et_pb_column type=&#8221;1_6&#8243; _builder_version=&#8221;4.27.6&#8243; _module_preset=&#8221;default&#8221; global_colors_info=&#8221;{}&#8221;][\/et_pb_column][et_pb_column type=&#8221;1_6&#8243; _builder_version=&#8221;4.27.6&#8243; _module_preset=&#8221;default&#8221; global_colors_info=&#8221;{}&#8221;][et_pb_image src=&#8221;https:\/\/km.akademiarac.edu.pl\/wp-content\/uploads\/2026\/04\/rv-logo-white-full-white.png&#8221; title_text=&#8221;rv logo white full white&#8221; align=&#8221;center&#8221; _builder_version=&#8221;4.27.6&#8243; _module_preset=&#8221;default&#8221; module_alignment=&#8221;center&#8221; global_colors_info=&#8221;{}&#8221;][\/et_pb_image][\/et_pb_column][et_pb_column type=&#8221;1_6&#8243; _builder_version=&#8221;4.27.6&#8243; _module_preset=&#8221;default&#8221; global_colors_info=&#8221;{}&#8221;][et_pb_image src=&#8221;https:\/\/km.akademiarac.edu.pl\/wp-content\/uploads\/2026\/04\/naszraciborzpl.png&#8221; title_text=&#8221;naszraciborzpl&#8221; align=&#8221;center&#8221; _builder_version=&#8221;4.27.6&#8243; _module_preset=&#8221;default&#8221; width=&#8221;100%&#8221; custom_margin=&#8221;21px||||false|false&#8221; global_colors_info=&#8221;{}&#8221;][\/et_pb_image][\/et_pb_column][et_pb_column type=&#8221;1_6&#8243; _builder_version=&#8221;4.27.6&#8243; _module_preset=&#8221;default&#8221; global_colors_info=&#8221;{}&#8221;][et_pb_image src=&#8221;https:\/\/km.akademiarac.edu.pl\/wp-content\/uploads\/2026\/04\/logo_rtk_kolorZasob-14-kopia.png&#8221; title_text=&#8221;logo_rtk_kolorZasob-14 kopia&#8221; _builder_version=&#8221;4.27.6&#8243; _module_preset=&#8221;default&#8221; global_colors_info=&#8221;{}&#8221;][\/et_pb_image][\/et_pb_column][et_pb_column type=&#8221;1_6&#8243; _builder_version=&#8221;4.27.6&#8243; _module_preset=&#8221;default&#8221; global_colors_info=&#8221;{}&#8221;][et_pb_image src=&#8221;https:\/\/km.akademiarac.edu.pl\/wp-content\/uploads\/2026\/04\/nowiny-kopia.png&#8221; title_text=&#8221;nowiny kopia&#8221; _builder_version=&#8221;4.27.6&#8243; _module_preset=&#8221;default&#8221; custom_margin=&#8221;17px||||false|false&#8221; global_colors_info=&#8221;{}&#8221;][\/et_pb_image][\/et_pb_column][et_pb_column type=&#8221;1_6&#8243; _builder_version=&#8221;4.27.6&#8243; _module_preset=&#8221;default&#8221; global_colors_info=&#8221;{}&#8221;][\/et_pb_column][\/et_pb_row][\/et_pb_section]<\/p>\n","protected":false},"excerpt":{"rendered":"<p>Konferencja naukowa ANS w Raciborzu \u2013 15 maja 2026, Zamek Piastowski w Raciborzu.<\/p>\n","protected":false},"author":2,"featured_media":12,"parent":0,"menu_order":0,"comment_status":"closed","ping_status":"closed","template":"","meta":{"_et_pb_use_builder":"on","_et_pb_old_content":"","_et_gb_content_width":"","footnotes":""},"class_list":["post-21","page","type-page","status-publish","has-post-thumbnail","hentry"],"_links":{"self":[{"href":"https:\/\/km.akademiarac.edu.pl\/index.php?rest_route=\/wp\/v2\/pages\/21","targetHints":{"allow":["GET"]}}],"collection":[{"href":"https:\/\/km.akademiarac.edu.pl\/index.php?rest_route=\/wp\/v2\/pages"}],"about":[{"href":"https:\/\/km.akademiarac.edu.pl\/index.php?rest_route=\/wp\/v2\/types\/page"}],"author":[{"embeddable":true,"href":"https:\/\/km.akademiarac.edu.pl\/index.php?rest_route=\/wp\/v2\/users\/2"}],"replies":[{"embeddable":true,"href":"https:\/\/km.akademiarac.edu.pl\/index.php?rest_route=%2Fwp%2Fv2%2Fcomments&post=21"}],"version-history":[{"count":9,"href":"https:\/\/km.akademiarac.edu.pl\/index.php?rest_route=\/wp\/v2\/pages\/21\/revisions"}],"predecessor-version":[{"id":78,"href":"https:\/\/km.akademiarac.edu.pl\/index.php?rest_route=\/wp\/v2\/pages\/21\/revisions\/78"}],"wp:featuredmedia":[{"embeddable":true,"href":"https:\/\/km.akademiarac.edu.pl\/index.php?rest_route=\/wp\/v2\/media\/12"}],"wp:attachment":[{"href":"https:\/\/km.akademiarac.edu.pl\/index.php?rest_route=%2Fwp%2Fv2%2Fmedia&parent=21"}],"curies":[{"name":"wp","href":"https:\/\/api.w.org\/{rel}","templated":true}]}}